{"id":64,"date":"2018-02-07T20:03:34","date_gmt":"2018-02-07T19:03:34","guid":{"rendered":"http:\/\/fictif.duckdns.org\/wordpress\/?page_id=64"},"modified":"2018-02-07T20:03:34","modified_gmt":"2018-02-07T19:03:34","slug":"liens","status":"publish","type":"page","link":"https:\/\/www.culturaviva.fr\/index.php\/liens\/","title":{"rendered":"Liens"},"content":{"rendered":"<p><a href=\"http:\/\/acasadiupopulucorsu.wifeo.com\/\" target=\"_blank\" rel=\"noopener\">A Casa di u Populu Corsu<\/a><br \/>\n<em>A Casa di u Populu Corsu di pariggi h\u00e8 cumposta p\u00e8 a so mai\u00f2 parte di studienti corsi campendu in Parigi ! A scelta di stu gruppu h\u00e8 di prumove a lingua \u00e8 a cultura corsa fora di Corsica tr\u00e0 mezu l\u2019attivit\u00e0 di animazione \u00e8 publicazione.<\/em><\/p>\n<p><a href=\"http:\/\/www.adecec.net\/\" target=\"_blank\" rel=\"noopener\">L&rsquo;Adecec<\/a><br \/>\nLa culture corse sur le web. <em>A cultura corsa nantu \u00e0 u web.<\/em><\/p>\n<p><a href=\"http:\/\/www.culturaviva.fr\/\">Cultura Viva<\/a><br \/>\nLe site de l&rsquo;assocation Cultura Viva. <em>U situ Web di l&rsquo;associu Cultura Viva.<\/em><\/p>\n<p><a href=\"http:\/\/culturaviva.fr\/index.php\/liens_presse\/\">Liens vers les sites d<strong>&lsquo;Information<\/strong><\/a><\/p>\n<p><a href=\"http:\/\/culturaviva.fr\/index.php\/liens_langue\/\">Liens vers les sites de <strong>Langue<\/strong><\/a><\/p>\n<p><a href=\"http:\/\/culturaviva.fr\/index.php\/liens_musique\/\">Liens vers les sites de <strong>Musique<\/strong><\/a><\/p>\n<p><a href=\"http:\/\/culturaviva.fr\/index.php\/lien-radios-en-ligne\/\">Liens vers les sites de <strong>Radios en ligne<\/strong><\/a><\/p>\n<p><a href=\"http:\/\/culturaviva.fr\/index.php\/liens-informatique\/\">Liens vers les sites d<strong>&lsquo;informatique<\/strong><\/a><\/p>\n<p><a href=\"http:\/\/culturaviva.fr\/index.php\/liens-autres-sites\/\">Liens vers d&rsquo;<strong>autres sites<\/strong><\/a><\/p>\n","protected":false},"excerpt":{"rendered":"<p>A Casa di u Populu Corsu A Casa di u Populu Corsu di pariggi h\u00e8 cumposta p\u00e8 a so mai\u00f2 parte di studienti corsi campendu in Parigi ! A scelta di stu gruppu h\u00e8 di prumove a lingua \u00e8 a cultura corsa fora di Corsica tr\u00e0 mezu l\u2019attivit\u00e0 di animazione \u00e8 publicazione. L&rsquo;Adecec La culture &hellip; <\/p>\n<p class=\"link-more\"><a href=\"https:\/\/www.culturaviva.fr\/index.php\/liens\/\" class=\"more-link\">Continuer la lecture<span class=\"screen-reader-text\"> de &laquo;&nbsp;Liens&nbsp;&raquo;<\/span><\/a><\/p>\n","protected":false},"author":1,"featured_media":282,"parent":0,"menu_order":0,"comment_status":"closed","ping_status":"closed","template":"","meta":{"footnotes":""},"class_list":["post-64","page","type-page","status-publish","has-post-thumbnail","hentry"],"_links":{"self":[{"href":"https:\/\/www.culturaviva.fr\/index.php\/wp-json\/wp\/v2\/pages\/64","targetHints":{"allow":["GET"]}}],"collection":[{"href":"https:\/\/www.culturaviva.fr\/index.php\/wp-json\/wp\/v2\/pages"}],"about":[{"href":"https:\/\/www.culturaviva.fr\/index.php\/wp-json\/wp\/v2\/types\/page"}],"author":[{"embeddable":true,"href":"https:\/\/www.culturaviva.fr\/index.php\/wp-json\/wp\/v2\/users\/1"}],"replies":[{"embeddable":true,"href":"https:\/\/www.culturaviva.fr\/index.php\/wp-json\/wp\/v2\/comments?post=64"}],"version-history":[{"count":0,"href":"https:\/\/www.culturaviva.fr\/index.php\/wp-json\/wp\/v2\/pages\/64\/revisions"}],"wp:featuredmedia":[{"embeddable":true,"href":"https:\/\/www.culturaviva.fr\/index.php\/wp-json\/wp\/v2\/media\/282"}],"wp:attachment":[{"href":"https:\/\/www.culturaviva.fr\/index.php\/wp-json\/wp\/v2\/media?parent=64"}],"curies":[{"name":"wp","href":"https:\/\/api.w.org\/{rel}","templated":true}]}}